{"version":"1.0","provider_name":"Blog artif T\u00fcbingen","provider_url":"https:\/\/artif.com\/blog","author_name":"Andreas Brus","author_url":"https:\/\/artif.com\/blog\/author\/andreas-brus","title":"Weihnachtsgr\u00fc\u00dfe und Ausblick auf 2019 - Blog artif T\u00fcbingen","type":"rich","width":600,"height":338,"html":"<blockquote class=\"wp-embedded-content\" data-secret=\"x5o2KzRzVV\"><a href=\"https:\/\/artif.com\/blog\/weihnachtsgruesse-und-ausblick-auf-2019.html\">Weihnachtsgr\u00fc\u00dfe und Ausblick auf 2019<\/a><\/blockquote><iframe sandbox=\"allow-scripts\" security=\"restricted\" src=\"https:\/\/artif.com\/blog\/weihnachtsgruesse-und-ausblick-auf-2019.html\/embed#?secret=x5o2KzRzVV\" width=\"600\" height=\"338\" title=\"&#8222;Weihnachtsgr\u00fc\u00dfe und Ausblick auf 2019&#8220; &#8211; Blog artif T\u00fcbingen\" data-secret=\"x5o2KzRzVV\" frameborder=\"0\" marginwidth=\"0\" marginheight=\"0\" scrolling=\"no\" class=\"wp-embedded-content\"><\/iframe><script type=\"text\/javascript\">\n\/* <![CDATA[ *\/\n\/*! This file is auto-generated *\/\n!function(d,l){\"use strict\";l.querySelector&&d.addEventListener&&\"undefined\"!=typeof URL&&(d.wp=d.wp||{},d.wp.receiveEmbedMessage||(d.wp.receiveEmbedMessage=function(e){var t=e.data;if((t||t.secret||t.message||t.value)&&!\/[^a-zA-Z0-9]\/.test(t.secret)){for(var s,r,n,a=l.querySelectorAll('iframe[data-secret=\"'+t.secret+'\"]'),o=l.querySelectorAll('blockquote[data-secret=\"'+t.secret+'\"]'),c=new RegExp(\"^https?:$\",\"i\"),i=0;i<o.length;i++)o[i].style.display=\"none\";for(i=0;i<a.length;i++)s=a[i],e.source===s.contentWindow&&(s.removeAttribute(\"style\"),\"height\"===t.message?(1e3<(r=parseInt(t.value,10))?r=1e3:~~r<200&&(r=200),s.height=r):\"link\"===t.message&&(r=new URL(s.getAttribute(\"src\")),n=new URL(t.value),c.test(n.protocol))&&n.host===r.host&&l.activeElement===s&&(d.top.location.href=t.value))}},d.addEventListener(\"message\",d.wp.receiveEmbedMessage,!1),l.addEventListener(\"DOMContentLoaded\",function(){for(var e,t,s=l.querySelectorAll(\"iframe.wp-embedded-content\"),r=0;r<s.length;r++)(t=(e=s[r]).getAttribute(\"data-secret\"))||(t=Math.random().toString(36).substring(2,12),e.src+=\"#?secret=\"+t,e.setAttribute(\"data-secret\",t)),e.contentWindow.postMessage({message:\"ready\",secret:t},\"*\")},!1)))}(window,document);\n\/\/# sourceURL=https:\/\/artif.com\/blog\/wp-includes\/js\/wp-embed.min.js\n\/* ]]> *\/\n<\/script>\n","description":"Liebe Kundschaft, liebe&nbsp;Lieferanten, kaum hatte das Jahr begonnen, sind schon wieder zw\u00f6lf Monate ins Land gegangen. Die artif GmbH &amp; Co. KG war auch 2018 wieder sehr rege in Angelegenheiten ihrer Kundinnen und Kunden unterwegs. Das gro\u00dfe, nach au\u00dfen sichtbare Highlight war unser Umzug in die Alexanderstra\u00dfe 65 in T\u00fcbingen. Nun k\u00f6nnen wir Ihnen geb\u00fchrenfreie... Weiterlesen","thumbnail_url":"https:\/\/artif.com\/blog\/wp-content\/uploads\/2018\/12\/headerbild-300x139.jpg"}